{"id":1014,"date":"2024-10-09T01:54:42","date_gmt":"2024-10-09T01:54:42","guid":{"rendered":"https:\/\/radocza.edu.pl\/edu\/?page_id=1014"},"modified":"2024-10-21T06:22:56","modified_gmt":"2024-10-21T06:22:56","slug":"historia","status":"publish","type":"page","link":"https:\/\/radocza.edu.pl\/edu\/szkola\/historia\/","title":{"rendered":"Historia"},"content":{"rendered":"\t\t<div data-elementor-type=\"wp-page\" data-elementor-id=\"1014\" class=\"elementor elementor-1014\">\n\t\t\t\t<div class=\"elementor-element elementor-element-7998c3b rs_pad-sec e-flex e-con-boxed e-con e-parent\" data-id=\"7998c3b\" data-element_type=\"container\" data-e-type=\"container\">\n\t\t\t\t\t<div class=\"e-con-inner\">\n\t\t\t\t<div class=\"elementor-element elementor-element-31d5ddd sr_title elementor-widget elementor-widget-heading\" data-id=\"31d5ddd\" data-element_type=\"widget\" data-e-type=\"widget\" data-widget_type=\"heading.default\">\n\t\t\t\t<div class=\"elementor-widget-container\">\n\t\t\t\t\t<h2 class=\"elementor-heading-title elementor-size-default\">Szko\u0142a<\/h2>\t\t\t\t<\/div>\n\t\t\t\t<\/div>\n\t\t\t\t<div class=\"elementor-element elementor-element-c6d40ab elementor-invisible elementor-widget elementor-widget-heading\" data-id=\"c6d40ab\" data-element_type=\"widget\" data-e-type=\"widget\" data-settings=\"{&quot;_animation&quot;:&quot;bounceInLeft&quot;}\" data-widget_type=\"heading.default\">\n\t\t\t\t<div class=\"elementor-widget-container\">\n\t\t\t\t\t<div class=\"elementor-heading-title elementor-size-default\">Historia\n<\/div>\t\t\t\t<\/div>\n\t\t\t\t<\/div>\n\t\t\t\t\t<\/div>\n\t\t\t\t<\/div>\n\t\t<div class=\"elementor-element elementor-element-6267c9f rs_pad-sec e-flex e-con-boxed e-con e-parent\" data-id=\"6267c9f\" data-element_type=\"container\" data-e-type=\"container\">\n\t\t\t\t\t<div class=\"e-con-inner\">\n\t\t\t\t<div class=\"elementor-element elementor-element-3806292 elementor-widget elementor-widget-text-editor\" data-id=\"3806292\" data-element_type=\"widget\" data-e-type=\"widget\" data-widget_type=\"text-editor.default\">\n\t\t\t\t<div class=\"elementor-widget-container\">\n\t\t\t\t\t\t\t\t\t<p class=\"ng-scope\">Radocza to niezmiernie malownicza, podbeskidzka wie\u015b z uroczym, drewnianym ko\u015bci\u00f3\u0142kiem z roku 1535. Znajduje si\u0119 ona na po\u0142udniowo-wschodnim skraju Pog\u00f3rza \u015al\u0105skiego, nad rzek\u0105 Skaw\u0105. Powsta\u0142a ju\u017c u schy\u0142ku XIII wieku, a od 1326 roku sta\u0142a si\u0119 w\u0142asno\u015bci\u0105 Radwanity RADOSZA. W ci\u0105gu wiek\u00f3w wielokrotnie zmienia\u0142a swoich w\u0142a\u015bcicieli, by ostatecznie, na pocz\u0105tku XX w., zosta\u0107 w\u0142asno\u015bci\u0105 \u017cony s\u0119dziego Antoniego Banasia &#8211; Zofii. I tak w r\u0119kach rodziny Banasi\u00f3w pozosta\u0142a do roku 1945.<\/p><p class=\"ng-scope\">Pocz\u0105tki nauczania na terenie Radoczy i o\u015bciennych wsi si\u0119gaj\u0105 ju\u017c XVI wieku. Do momentu tworzenia szkolnictwa powszechnego, czyli do XIX wieku, by\u0142y to tylko szk\u00f3\u0142ki parafialne. To na tych terenach, w 1910 roku powsta\u0142a Ludowa Szko\u0142a Rolnicza \u017be\u0144ska w Bachowicach, nosz\u0105ca imi\u0119 Kr\u00f3lowej Jadwigi, b\u0119d\u0105ca drug\u0105 szko\u0142\u0105 w kraju o takiej specjalno\u015bci. Za\u0142o\u017cyli j\u0105 dwaj rodacy, ksi\u0105dz dr Franciszek Go\u0142ba, katecheta gimnazjum \u015bw. Jacka w Krakowie i dr Franciszek Stefczyk, dyrektor patronatu sp\u00f3\u0142ek oszcz\u0119dno\u015bciowych i Kas Reifeisena (znanych dzi\u015b pod nazw\u0105 Kas Stefczyka). Od stycznia 1922 roku do czasu zako\u0144czenia dzia\u0142alno\u015bci szko\u0142y stanowisko kierowniczki piastowa\u0142a pani Teofila Bochenek. W gruncie rzeczy by\u0142a to szko\u0142a gospody\u0144 wiejskich, kt\u00f3ra po II wojnie \u015bwiatowej, dnia 15 pa\u017adziernika 1945 roku wznowi\u0142a swoj\u0105 dzia\u0142alno\u015b\u0107, aby j\u0105 decyzj\u0105 w\u0142adz o\u015bwiatowych zako\u0144czy\u0107.<\/p><p class=\"ng-scope\">Natomiast na terenie Radoczy, w roku 1921, powsta\u0142a szko\u0142a koszykarska kszta\u0142c\u0105ca adept\u00f3w wikliniarstwa. Dopiero po reformie rolnej, jesieni\u0105 1945 roku, przekazano na rzecz o\u015bwiaty rolniczej oko\u0142o 25 ha wraz z zabudowaniami po dawnym maj\u0105tku Banasi\u00f3w. St\u0105d na terenach podworskich, z cz\u0119\u015bci zabudowa\u0144 mieszkalnych, stajni i ku\u017ani czy \u201eokr\u0105glaka\u201d- pozosta\u0142o\u015bci po dworskiej hydroforni, powsta\u0142 Zesp\u00f3\u0142 Szk\u00f3\u0142 Rolniczych.<\/p><p class=\"ng-scope\">Dlatego ju\u017c w pa\u017adzierniku 1946 roku mo\u017cna by\u0142o otworzy\u0107 2-letni\u0105 \u015aredni\u0105 Szko\u0142\u0119 Rolnicz\u0105 przemianowan\u0105 p\u00f3\u017aniej na Gminn\u0105 Szko\u0142\u0119 Rolnicz\u0105. Jej pierwszym organizatorem i kierownikiem by\u0142 Jan Jarosz, kt\u00f3ry po 26 dniach dzia\u0142alno\u015bci zosta\u0142 aresztowany przez UB za przynale\u017cno\u015b\u0107 do niepodleg\u0142o\u015bciowej organizacji WiN i osiem lat sp\u0119dzi\u0142 w wi\u0119zieniu.<\/p><p class=\"ng-scope\">Dopiero na pocz\u0105tku lat siedemdziesi\u0105tych w Radoczy powstaje nowa szko\u0142a, nowy internat, a gospodarstwo szkolne wzbogaca si\u0119 o nowoczesne, w tych czasach, zabudowania inwentarskie i warsztaty szkolne, kt\u00f3re oddane zostaj\u0105 do u\u017cytkowania na pocz\u0105tku lat osiemdziesi\u0105tych.<\/p><p class=\"ng-scope\">W 1974 roku powstaje pierwsze technikum, kt\u00f3re w 1998 roku wchodzi w sk\u0142ad nowo powo\u0142anego\u00a0<strong>Zespo\u0142u Szk\u00f3\u0142 Rolnicze Centrum Kszta\u0142cenia Ustawicznego.<\/strong><\/p><p class=\"ng-scope\">Do roku 1999 szko\u0142a nie mia\u0142a imienia. Dopiero w wyniku stara\u0144 dyrekcji i grona pedagogicznego, w styczniu tego\u017c roku, zapad\u0142a decyzja przyj\u0119cia przez Zesp\u00f3\u0142 Szk\u00f3\u0142, imienia Jana Paw\u0142a II. Sztandar szko\u0142y po\u015bwi\u0119cony zosta\u0142 przez Jego \u015awi\u0105tobliwo\u015b\u0107 Jana Paw\u0142a II podczas wizyty w s\u0105siednich Wadowicach, w dniu 16 czerwca. Natomiast uroczysto\u015bci formalnego nadania imienia i po\u015bwi\u0119cenia szko\u0142y odby\u0142y si\u0119 26 czerwca 1999 roku. Msz\u0119 \u015bwi\u0119t\u0105 celebrowa\u0142 JE kardyna\u0142 Franciszek Macharski, metropolita krakowski, kt\u00f3ry po\u015bwi\u0119ci\u0142 tablic\u0119 pami\u0105tkow\u0105 i uczestniczy\u0142 w oficjalnych uroczysto\u015bciach. Akt nadania imienia, wr\u0119czy\u0142 dyrekcji starosta powiatu wadowickiego &#8211; pan J\u00f3zef Kozio\u0142. W uroczysto\u015bci wzi\u0119li udzia\u0142 oficjalni go\u015bcie oraz absolwenci, \u015bwi\u0119tuj\u0105cy w tym dniu 25-lecie istnienia Technikum Rolniczego w Radoczy.<\/p><p class=\"ng-scope\">W kolejnych latach plac\u00f3wka dydaktyczna dynamicznie si\u0119 rozwija\u0142a, zyskuj\u0105c na wizerunku.<\/p><p class=\"ng-scope\">Szko\u0142a od lat utrzymuje wysoki poziom kszta\u0142cenia. Za wyniki w nauce uczniowie otrzymuj\u0105 stypendia Premiera oraz nagrody Starosty Wadowickiego. Od szeregu lat uczniowie zostaj\u0105 laureatami Og\u00f3lnopolskiej Olimpiady Wiedzy i Umiej\u0119tno\u015bci Rolniczych, uzyskuj\u0105c tym samym indeksy na wy\u017csze uczelnie. Swego czasu corocznie najlepsi uczniowie wyje\u017cd\u017cali na kilkumiesi\u0119czne praktyki do Szwajcarii, gdzie w rodzinach szwajcarskich rolnik\u00f3w, zapoznawali si\u0119 z nowoczesnymi i ekologicznymi zasadami gospodarowania, doskonalili j\u0119zyk niemiecki i otrzymywali wynagrodzenie.<\/p><p class=\"ng-scope\">Obecnie Zesp\u00f3\u0142 Szk\u00f3\u0142 w ramach mi\u0119dzynarodowej wymiany m\u0142odzie\u017cy wsp\u00f3\u0142pracuje z holendersk\u0105 szko\u0142\u0105 z Silvolde. Uczniowie realizuj\u0105 projekty w j\u0119zyku angielskim dotycz\u0105ce r\u00f3\u017cnych aspekt\u00f3w \u017cycia i kultury Holandii i Polski, a przy tym poznaj\u0105 ciekawe miejsca, ludzi, ich mentalno\u015b\u0107, do\u015bwiadczaj\u0105 niezapomnianych wra\u017ce\u0144 w kontakcie z drugim cz\u0142owiekiem, a przede wszystkim doskonal\u0105 umiej\u0119tno\u015bci j\u0119zykowe.<\/p><p class=\"ng-scope\">W wyniku ci\u0105g\u0142ych zmian na rynku pracy szko\u0142a dostosowuje ofert\u0119 edukacyjn\u0105 do obecnych standard\u00f3w i podejmuje r\u00f3\u017cne inicjatywy w celu aktywizacji zawodowej m\u0142odzie\u017cy. St\u0105d powstaj\u0105 nowe kierunki zwi\u0105zane nie tylko z rolnictwem. Obecnie uczniowie maj\u0105 mo\u017cliwo\u015b\u0107 wyboru takich zawod\u00f3w jak:\u00a0<strong>technik grafiki i poligrafii cyfrowej, technik geodeta<\/strong>,\u00a0<strong>technik logistyk, technik pojazd\u00f3w samochodowych,\u00a0technik mechanizacji rolnictwa i agrotroniki,\u00a0technik \u017cywienia i us\u0142ug gastronomicznych,\u00a0 kierowca-mechanik, mechanik &#8211; operator pojazd\u00f3w i maszyn rolniczych\u00a0oraz kucharz.\u00a0<\/strong>Mog\u0105 tak\u017ce rozpocz\u0105\u0107 nauk\u0119 w\u00a0<strong>liceum og\u00f3lnokszta\u0142c\u0105cym.<\/strong><\/p><p class=\"ng-scope\">Zesp\u00f3\u0142 Szk\u00f3\u0142 uczestniczy w projektach unijnych, np. Modernizacja Kszta\u0142cenia Zawodowego w Ma\u0142opolsce, w ramach kt\u00f3rego organizowane s\u0105 r\u00f3\u017cnorodne kursy zawodowe, zaj\u0119cia wyr\u00f3wnawcze i rozwijaj\u0105ce kompetencje kluczowe a tak\u017ce sta\u017ce i wizyty zawodoznawcze oraz studyjne. Projekt ma na celu wzmocnienie kszta\u0142cenia zawodowego i skuteczniejsze powi\u0105zanie oferty edukacyjnej z potrzebami rynku pracy.<\/p><p class=\"ng-scope\">W roku szkolnym 2017\/2018 uczniowie klas trzecich technikum \u017cywienia i us\u0142ug gastronomicznych, pojazd\u00f3w samochodowych oraz logistyki uczestniczyli w projekcie\u00a0<strong>&#8222;Praktyka czyni mistrza&#8221;<\/strong>\u00a0&#8211; Mobilno\u015b\u0107 os\u00f3b ucz\u0105cych si\u0119 i kadry w ramach kszta\u0142cenia zawodowego. M\u0142odzie\u017c odbywa\u0142a 4-tygodniow\u0105 praktyk\u0119 we w\u0142oskich zak\u0142adach pracy, poznaj\u0105c warunki pracy i \u015brodowisko lokalne Bolonii.<\/p><p class=\"ng-scope\">Tw\u00f3rcza wsp\u00f3\u0142praca ze Stowarzyszeniem \u201eDolina Karpia\u201d stworzy\u0142a mo\u017cliwo\u015b\u0107 ubiegania si\u0119 szko\u0142y o wpis na list\u0119 produkt\u00f3w lokalnych \u201eRadocza\u0144skiego jab\u0142ecznika\u201d, ciasta od lat pieczonego przez naszych podopiecznych.<\/p><p class=\"ng-scope\">Uczniowie osi\u0105gaj\u0105 r\u00f3wnie\u017c sukcesy w konkursach i olimpiadach z przedmiot\u00f3w og\u00f3lnokszta\u0142c\u0105cych oraz zawodowych zwi\u0105zanych z nowymi kierunkami kszta\u0142cenia. Wymieni\u0107 tutaj nale\u017cy: Olimpiad\u0119 Wiedzy Geodezyjnej i Kartograficznej, Olimpiad\u0119 Matematyczn\u0105, Olimpiad\u0119 Wiedzy Turystyczno-Krajoznawczej, Og\u00f3lnopolski Konkurs Krasom\u00f3wczy, Powiatowy Konkurs Ortograficzny, Turniej Motoryzacyjny oraz konkursy gastronomiczne i liczne przegl\u0105dy artystyczne.<\/p><p class=\"ng-scope\">Uczniowie Zespo\u0142u Szk\u00f3\u0142 osi\u0105gaj\u0105 te\u017c liczne sukcesy w sporcie. Byli ju\u017c dwukrotnymi z\u0142otymi medalistami w Og\u00f3lnopolskich Igrzyskach LZS M\u0142odzie\u017cy Szkolnej w pi\u0142ce siatkowej ch\u0142opc\u00f3w. Lekkoatleci oraz tenisi\u015bci sto\u0142owi z powodzeniem startowali w fina\u0142ach tych Igrzysk.<\/p><p class=\"ng-scope\">Ciekawymi inicjatywami s\u0105 cyklicznie organizowane: Rajd Pieszy, Bieg i Rajd Rowerowy na Gro\u0144 Jana Paw\u0142a II, uhonorowany przez Ministra Sportu i Turystyki w Og\u00f3lnopolskim Konkursie na najciekawsz\u0105 inicjatyw\u0119 z zakresu upowszechniania sportu dzieci i m\u0142odzie\u017cy w \u015brodowisku wiejskim.<\/p><p class=\"ng-scope\">Nauka w Zespole odbywa si\u0119 na jedn\u0105 zmian\u0119. W porozumieniu z przewo\u017anikami przyjazdy i odjazdy autobus\u00f3w zosta\u0142y dostosowane do rozpocz\u0119cia i zako\u0144czenia zaj\u0119\u0107 lekcyjnych. Szko\u0142a posiada miejsca parkingowe, z kt\u00f3rych mog\u0105 korzysta\u0107 uczniowie. Szko\u0142a dysponuje w\u0142asnym autokarem.<\/p><p class=\"ng-scope\">Plac\u00f3wka posiada r\u00f3wnie\u017c profesjonalnie wyposa\u017con\u0105 baz\u0119 techno dydaktyczn\u0105 oraz pojazdy do nauki jazdy. Uczniowie kszta\u0142c\u0105cy si\u0119 w zawodach, w kt\u00f3rych podstawa programowa przewiduje uzyskanie uprawnie\u0144 do kierowania pojazdami tj. technik mechanizacji rolnictwa i agrotroniki oraz szko\u0142a bran\u017cowa\u00a0 I stopnia w zawodzie mechanik \u2013 operator pojazd\u00f3w i maszyn rolniczych nie ponosz\u0105 koszt\u00f3w szkolenia podstawowego zwi\u0105zanych z nauk\u0105 przepis\u00f3w ruchu drogowego i nauk\u0105 kierowania pojazdem, uzyskuj\u0105c tym samym BEZP\u0141ATNIE prawo jazdy kategorii B i T, a uczniowie technikum pojazd\u00f3w samochodowych oraz szko\u0142y bran\u017cowej\u00a0 I stopnia w zawodzie kierowca mechanik &#8211; bezp\u0142atnie prawo jazdy kategorii B.<\/p><p class=\"ng-scope\">Od wrze\u015bnia 2014 roku szko\u0142a zmieni\u0142a nazw\u0119 na:\u00a0<em>Zesp\u00f3\u0142 Szk\u00f3\u0142 Centrum Kszta\u0142cenia Ustawicznego im. \u015bw. Jana Paw\u0142a II w Radoczy<\/em>.\u00a0<\/p>\t\t\t\t\t\t\t\t<\/div>\n\t\t\t\t<\/div>\n\t\t\t\t\t<\/div>\n\t\t\t\t<\/div>\n\t\t\t\t<\/div>\n\t\t","protected":false},"excerpt":{"rendered":"<p>Szko\u0142a Historia Radocza to niezmiernie malownicza, podbeskidzka wie\u015b z uroczym, drewnianym ko\u015bci\u00f3\u0142kiem z roku 1535. Znajduje si\u0119 ona na po\u0142udniowo-wschodnim [&hellip;]<\/p>\n","protected":false},"author":2,"featured_media":0,"parent":855,"menu_order":0,"comment_status":"closed","ping_status":"closed","template":"","meta":{"inline_featured_image":false,"_uag_custom_page_level_css":"","site-sidebar-layout":"no-sidebar","site-content-layout":"","ast-site-content-layout":"full-width-container","site-content-style":"default","site-sidebar-style":"default","ast-global-header-display":"","ast-banner-title-visibility":"","ast-main-header-display":"","ast-hfb-above-header-display":"","ast-hfb-below-header-display":"","ast-hfb-mobile-header-display":"","site-post-title":"disabled","ast-breadcrumbs-content":"","ast-featured-img":"disabled","footer-sml-layout":"","ast-disable-related-posts":"","theme-transparent-header-meta":"","adv-header-id-meta":"","stick-header-meta":"","header-above-stick-meta":"","header-main-stick-meta":"","header-below-stick-meta":"","astra-migrate-meta-layouts":"default","ast-page-background-enabled":"default","ast-page-background-meta":{"desktop":{"background-color":"var(--ast-global-color-4)","background-image":"","background-repeat":"repeat","background-position":"center center","background-size":"auto","background-attachment":"scroll","background-type":"","background-media":"","overlay-type":"","overlay-color":"","overlay-opacity":"","overlay-gradient":""},"tablet":{"background-color":"","background-image":"","background-repeat":"repeat","background-position":"center center","background-size":"auto","background-attachment":"scroll","background-type":"","background-media":"","overlay-type":"","overlay-color":"","overlay-opacity":"","overlay-gradient":""},"mobile":{"background-color":"","background-image":"","background-repeat":"repeat","background-position":"center center","background-size":"auto","background-attachment":"scroll","background-type":"","background-media":"","overlay-type":"","overlay-color":"","overlay-opacity":"","overlay-gradient":""}},"ast-content-background-meta":{"desktop":{"background-color":"var(--ast-global-color-5)","background-image":"","background-repeat":"repeat","background-position":"center center","background-size":"auto","background-attachment":"scroll","background-type":"","background-media":"","overlay-type":"","overlay-color":"","overlay-opacity":"","overlay-gradient":""},"tablet":{"background-color":"var(--ast-global-color-5)","background-image":"","background-repeat":"repeat","background-position":"center center","background-size":"auto","background-attachment":"scroll","background-type":"","background-media":"","overlay-type":"","overlay-color":"","overlay-opacity":"","overlay-gradient":""},"mobile":{"background-color":"var(--ast-global-color-5)","background-image":"","background-repeat":"repeat","background-position":"center center","background-size":"auto","background-attachment":"scroll","background-type":"","background-media":"","overlay-type":"","overlay-color":"","overlay-opacity":"","overlay-gradient":""}},"footnotes":""},"class_list":["post-1014","page","type-page","status-publish","hentry"],"uagb_featured_image_src":{"full":false,"thumbnail":false,"medium":false,"medium_large":false,"large":false,"1536x1536":false,"2048x2048":false},"uagb_author_info":{"display_name":"Mariusz Wawro","author_link":"https:\/\/radocza.edu.pl\/edu\/author\/mariusz-wawroradocza-edu-pl\/"},"uagb_comment_info":0,"uagb_excerpt":"Szko\u0142a Historia Radocza to niezmiernie malownicza, podbeskidzka wie\u015b z uroczym, drewnianym ko\u015bci\u00f3\u0142kiem z roku 1535. Znajduje si\u0119 ona na po\u0142udniowo-wschodnim [&hellip;]","_links":{"self":[{"href":"https:\/\/radocza.edu.pl\/edu\/wp-json\/wp\/v2\/pages\/1014"}],"collection":[{"href":"https:\/\/radocza.edu.pl\/edu\/wp-json\/wp\/v2\/pages"}],"about":[{"href":"https:\/\/radocza.edu.pl\/edu\/wp-json\/wp\/v2\/types\/page"}],"author":[{"embeddable":true,"href":"https:\/\/radocza.edu.pl\/edu\/wp-json\/wp\/v2\/users\/2"}],"replies":[{"embeddable":true,"href":"https:\/\/radocza.edu.pl\/edu\/wp-json\/wp\/v2\/comments?post=1014"}],"version-history":[{"count":0,"href":"https:\/\/radocza.edu.pl\/edu\/wp-json\/wp\/v2\/pages\/1014\/revisions"}],"up":[{"embeddable":true,"href":"https:\/\/radocza.edu.pl\/edu\/wp-json\/wp\/v2\/pages\/855"}],"wp:attachment":[{"href":"https:\/\/radocza.edu.pl\/edu\/wp-json\/wp\/v2\/media?parent=1014"}],"curies":[{"name":"wp","href":"https:\/\/api.w.org\/{rel}","templated":true}]}}