{"id":1530,"date":"2024-10-22T05:40:08","date_gmt":"2024-10-22T05:40:08","guid":{"rendered":"https:\/\/radocza.edu.pl\/edu\/?page_id=1530"},"modified":"2024-10-22T07:06:34","modified_gmt":"2024-10-22T07:06:34","slug":"dyzury-nauczycieli","status":"publish","type":"page","link":"https:\/\/radocza.edu.pl\/edu\/szkola\/dyzury-nauczycieli\/","title":{"rendered":"Dy\u017cury nauczycieli"},"content":{"rendered":"\t\t<div data-elementor-type=\"wp-page\" data-elementor-id=\"1530\" class=\"elementor elementor-1530\">\n\t\t\t\t<div class=\"elementor-element elementor-element-7998c3b rs_pad-sec e-flex e-con-boxed e-con e-parent\" data-id=\"7998c3b\" data-element_type=\"container\" data-e-type=\"container\">\n\t\t\t\t\t<div class=\"e-con-inner\">\n\t\t\t\t<div class=\"elementor-element elementor-element-31d5ddd sr_title elementor-widget elementor-widget-heading\" data-id=\"31d5ddd\" data-element_type=\"widget\" data-e-type=\"widget\" data-widget_type=\"heading.default\">\n\t\t\t\t<div class=\"elementor-widget-container\">\n\t\t\t\t\t<h2 class=\"elementor-heading-title elementor-size-default\">Szko\u0142a<\/h2>\t\t\t\t<\/div>\n\t\t\t\t<\/div>\n\t\t\t\t<div class=\"elementor-element elementor-element-c6d40ab elementor-invisible elementor-widget elementor-widget-heading\" data-id=\"c6d40ab\" data-element_type=\"widget\" data-e-type=\"widget\" data-settings=\"{&quot;_animation&quot;:&quot;bounceInLeft&quot;}\" data-widget_type=\"heading.default\">\n\t\t\t\t<div class=\"elementor-widget-container\">\n\t\t\t\t\t<div class=\"elementor-heading-title elementor-size-default\">Dy\u017cury nauczycieli\n<\/div>\t\t\t\t<\/div>\n\t\t\t\t<\/div>\n\t\t\t\t\t<\/div>\n\t\t\t\t<\/div>\n\t\t<div class=\"elementor-element elementor-element-6267c9f rs_pad-sec e-flex e-con-boxed e-con e-parent\" data-id=\"6267c9f\" data-element_type=\"container\" data-e-type=\"container\">\n\t\t\t\t\t<div class=\"e-con-inner\">\n\t\t\t\t<div class=\"elementor-element elementor-element-3806292 elementor-widget elementor-widget-text-editor\" data-id=\"3806292\" data-element_type=\"widget\" data-e-type=\"widget\" data-widget_type=\"text-editor.default\">\n\t\t\t\t<div class=\"elementor-widget-container\">\n\t\t\t\t\t\t\t\t\t<p><strong>Dy\u017cury nauczycieli w roku szkolnym 2024\/2025<\/strong><\/p><p>mgr in\u017c. Augustyniak Agnieszka \/ \u015broda 10:35-11:20<br \/>mgr Baca Dagmara \/ wtorek 9:45-10:30<br \/>mgr Boba Pawe\u0142 \/ poniedzia\u0142ek 9:45-10:30<br \/>mgr Bodzioch Edyta \/ wtorek 8:50-9:35<br \/>mgr Cie\u015blica Dagmara \/ wtorek 9:45\u201310:30<br \/>mgr in\u017c. Fr\u0105czek Janusz \/ wtorek 9:45-10:30<br \/>mgr Galus Joanna \/ czwartek 8:50 \u2013 9:35<br \/>mgr Gliwa Stanis\u0142aw \/ czwartek 9:45-10:30<br \/>mgr G\u00f3rza\u0144ska Karolina \/ \u015broda 13:20\u201314:05<br \/>mgr in\u017c. G\u00f3ra Kamil \/ poniedzia\u0142ek 15:50-16:35<br \/>mgr in\u017c. Graca Marcin \/ pi\u0105tek 9:45-10:30<br \/>mgr in\u017c. Jod\u0142owski J\u00f3zef \/ \u015broda 10:35-11:20<br \/>mgr Karcz Andrzej \/ czwartek 12:30-13:15<br \/>mgr Karlak Bernadetta \/ \u015broda 13:30\u201314:30<br \/>mgr Ko\u0142odziejczyk Witold \/ wtorek 10:35-11:20<br \/>mgr Kr\u0119cioch Justyna \/ wtorek 15:50-16:35<br \/>mgr Kubaszewski Pawe\u0142 \/ czwartek 9:45-10:30<br \/>mgr Kulig Wojciech \/ \u015broda 7:10-7:55<br \/>mgr Lempart-Musia\u0142 Joanna \/ wtorek 10:35-11:20<br \/>mgr \u0141asak Anna \/ poniedzia\u0142ek 9:45-10:30<br \/>mgr in\u017c. \u0141asak J\u00f3zef \/ poniedzia\u0142ek 7:10-7:55<br \/>mgr in\u017c. Maciewicz Beata \/ poniedzia\u0142ek 17:25-17:55<br \/>mgr Mamo\u0144 W\u0142odzimierz \/ wtorek 12:30-13:15<br \/>mgr in\u017c. Mostowik Janusz \/ czwartek 8:50-9:35<br \/>mgr in\u017c. Olszy\u0144ski Krzysztof \/ poniedzia\u0142ek 8:50-9:35<br \/>mgr Paj\u0105k Bo\u017cena \/ poniedzia\u0142ek 14:10-14:55<br \/>mgr Pawlik Barbara \/ wtorek 11:40-12:25<br \/>mgr in\u017c. Rossochacki Grzegorz \/ pi\u0105tek 8:50-9:35<br \/>mgr in\u017c. Rusin Andrzej \/ pi\u0105tek 8:50-9:35<br \/>mgr Rzo\u0144ca Joanna \/ wtorek 9:45-10:30<br \/>mgr Smaza Monika \/ wtorek 12:30-13:15<br \/>mgr Sopicka Renata \/ poniedzia\u0142ek 11:40-12:25<br \/>mgr Stuczy\u0144ska Katarzyna \/ pi\u0105tek 10:35-11:20<br \/>mgr Szczur Marta \/ wtorek 15:00-16:00 co dwa tygodnie<br \/>mgr in\u017c. Wawro Krzysztof \/ poniedzia\u0142ek 10:35-11:20<br \/>mgr Wr\u00f3bel Anita \/ poniedzia\u0142ek 15:30-16:00<br \/>mgr W\u00f3jcik Iwona \/ \u015broda 11:40-12:25<\/p><p>Nauczyciele pe\u0142ni\u0105 dy\u017cury w pokoju nauczycielskim na I pi\u0119trze<\/p>\t\t\t\t\t\t\t\t<\/div>\n\t\t\t\t<\/div>\n\t\t\t\t\t<\/div>\n\t\t\t\t<\/div>\n\t\t\t\t<\/div>\n\t\t","protected":false},"excerpt":{"rendered":"<p>Szko\u0142a Dy\u017cury nauczycieli Dy\u017cury nauczycieli w roku szkolnym 2024\/2025 mgr in\u017c. Augustyniak Agnieszka \/ \u015broda 10:35-11:20mgr Baca Dagmara \/ wtorek [&hellip;]<\/p>\n","protected":false},"author":2,"featured_media":0,"parent":855,"menu_order":0,"comment_status":"closed","ping_status":"closed","template":"","meta":{"inline_featured_image":false,"_uag_custom_page_level_css":"","site-sidebar-layout":"no-sidebar","site-content-layout":"","ast-site-content-layout":"full-width-container","site-content-style":"default","site-sidebar-style":"default","ast-global-header-display":"","ast-banner-title-visibility":"","ast-main-header-display":"","ast-hfb-above-header-display":"","ast-hfb-below-header-display":"","ast-hfb-mobile-header-display":"","site-post-title":"disabled","ast-breadcrumbs-content":"","ast-featured-img":"disabled","footer-sml-layout":"","ast-disable-related-posts":"","theme-transparent-header-meta":"","adv-header-id-meta":"","stick-header-meta":"","header-above-stick-meta":"","header-main-stick-meta":"","header-below-stick-meta":"","astra-migrate-meta-layouts":"default","ast-page-background-enabled":"default","ast-page-background-meta":{"desktop":{"background-color":"var(--ast-global-color-4)","background-image":"","background-repeat":"repeat","background-position":"center center","background-size":"auto","background-attachment":"scroll","background-type":"","background-media":"","overlay-type":"","overlay-color":"","overlay-opacity":"","overlay-gradient":""},"tablet":{"background-color":"","background-image":"","background-repeat":"repeat","background-position":"center center","background-size":"auto","background-attachment":"scroll","background-type":"","background-media":"","overlay-type":"","overlay-color":"","overlay-opacity":"","overlay-gradient":""},"mobile":{"background-color":"","background-image":"","background-repeat":"repeat","background-position":"center center","background-size":"auto","background-attachment":"scroll","background-type":"","background-media":"","overlay-type":"","overlay-color":"","overlay-opacity":"","overlay-gradient":""}},"ast-content-background-meta":{"desktop":{"background-color":"var(--ast-global-color-5)","background-image":"","background-repeat":"repeat","background-position":"center center","background-size":"auto","background-attachment":"scroll","background-type":"","background-media":"","overlay-type":"","overlay-color":"","overlay-opacity":"","overlay-gradient":""},"tablet":{"background-color":"var(--ast-global-color-5)","background-image":"","background-repeat":"repeat","background-position":"center center","background-size":"auto","background-attachment":"scroll","background-type":"","background-media":"","overlay-type":"","overlay-color":"","overlay-opacity":"","overlay-gradient":""},"mobile":{"background-color":"var(--ast-global-color-5)","background-image":"","background-repeat":"repeat","background-position":"center center","background-size":"auto","background-attachment":"scroll","background-type":"","background-media":"","overlay-type":"","overlay-color":"","overlay-opacity":"","overlay-gradient":""}},"footnotes":""},"class_list":["post-1530","page","type-page","status-publish","hentry"],"uagb_featured_image_src":{"full":false,"thumbnail":false,"medium":false,"medium_large":false,"large":false,"1536x1536":false,"2048x2048":false},"uagb_author_info":{"display_name":"Mariusz Wawro","author_link":"https:\/\/radocza.edu.pl\/edu\/author\/mariusz-wawroradocza-edu-pl\/"},"uagb_comment_info":0,"uagb_excerpt":"Szko\u0142a Dy\u017cury nauczycieli Dy\u017cury nauczycieli w roku szkolnym 2024\/2025 mgr in\u017c. Augustyniak Agnieszka \/ \u015broda 10:35-11:20mgr Baca Dagmara \/ wtorek [&hellip;]","_links":{"self":[{"href":"https:\/\/radocza.edu.pl\/edu\/wp-json\/wp\/v2\/pages\/1530"}],"collection":[{"href":"https:\/\/radocza.edu.pl\/edu\/wp-json\/wp\/v2\/pages"}],"about":[{"href":"https:\/\/radocza.edu.pl\/edu\/wp-json\/wp\/v2\/types\/page"}],"author":[{"embeddable":true,"href":"https:\/\/radocza.edu.pl\/edu\/wp-json\/wp\/v2\/users\/2"}],"replies":[{"embeddable":true,"href":"https:\/\/radocza.edu.pl\/edu\/wp-json\/wp\/v2\/comments?post=1530"}],"version-history":[{"count":7,"href":"https:\/\/radocza.edu.pl\/edu\/wp-json\/wp\/v2\/pages\/1530\/revisions"}],"predecessor-version":[{"id":1596,"href":"https:\/\/radocza.edu.pl\/edu\/wp-json\/wp\/v2\/pages\/1530\/revisions\/1596"}],"up":[{"embeddable":true,"href":"https:\/\/radocza.edu.pl\/edu\/wp-json\/wp\/v2\/pages\/855"}],"wp:attachment":[{"href":"https:\/\/radocza.edu.pl\/edu\/wp-json\/wp\/v2\/media?parent=1530"}],"curies":[{"name":"wp","href":"https:\/\/api.w.org\/{rel}","templated":true}]}}